{"id":8374,"date":"2022-09-19T16:31:12","date_gmt":"2022-09-19T16:31:12","guid":{"rendered":"http:\/\/portalisproject.eu\/events\/deiseanna-turasoireachta-ar-leithinis-cheann-duain-a-fhiosru\/"},"modified":"2022-09-28T11:36:24","modified_gmt":"2022-09-28T11:36:24","slug":"deiseanna-turasoireachta-ar-leithinis-cheann-duain-a-fhiosru","status":"publish","type":"mec-events","link":"https:\/\/portalisproject.eu\/ga\/events\/deiseanna-turasoireachta-ar-leithinis-cheann-duain-a-fhiosru\/","title":{"rendered":"Deiseanna turas\u00f3ireachta ar leithinis Cheann Du\u00e1in a fhiosr\u00fa"},"content":{"rendered":"<div class=\"eds-l-mar-bot-8\">\n<p class=\"eds-text-bm\"><strong>Ceardlann L\u00edonra Cult\u00fartha Trasteorann Poibl\u00ed chun deiseanna turas\u00f3ireachta cult\u00fartha \u00e1iti\u00fala a fhorbairt<\/strong><\/p>\n<\/div>\n<div class=\"eds-l-mar-bot-8 structured-content\">\n<h2 class=\"eds-text-bl eds-l-mar-bot-4\">Maidir leis an imeacht seo<\/h2>\n<div class=\"has-user-generated-content\">\n<div class=\"eds-l-mar-vert-6 eds-l-sm-mar-vert-4 eds-text-bm structured-content-rich-text\">\n<div class=\"eds-text--left\">\n<p>T\u00e1 Portalis, tionscadal maoinithe ag an AE a fhiosra\u00edonn an ch\u00e9ad nasc idir \u00c9irinn agus an Bhreatain Bheag ag dul siar go dt\u00ed an tr\u00e9imhse Mh\u00e9isiliteach, ag tabhairt cuireadh do bhaill den phobal freastal ar shraith ceardlann a bheidh ar si\u00fal i s\u00e9 phobal ar leith cois c\u00f3sta in \u00c9irinn agus sa Bhreatain Bheag.<\/p>\n<p>F\u00e9achfaidh na himeachta\u00ed rannph\u00e1irt\u00edochta \u00e1iti\u00fala trasteorann le tionscadal Portalis a thabhairt isteach agus fiosr\u00f3far conas is f\u00e9idir gn\u00e9ithe den tionscadal a \u00fas\u00e1id chun turas\u00f3ireacht chult\u00fartha a fhorbairt sna pobail ch\u00f3sta agus ina gceantair m\u00e1guaird.<\/p>\n<p>In \u00c9irinn, cuirfear t\u00fas leis an tsraith i Faithlegg ar an 29 Me\u00e1n F\u00f3mhair ag 7.30pm ag Park Rangers Football Club. Leanfaidh D\u00fan M\u00f3r Thoir \u00e9 ar an 18 Deireadh F\u00f3mhair ag 7.30pm i Halla an Iascaire, agus ar deireadh beidh dh\u00e1 imeacht i Loch Garman le bheith ar si\u00fal i m\u00ed Dheireadh F\u00f3mhair ag 7.30pm ag an ionad le deimhni\u00fa. Cuirfear s\u00f3laist\u00ed ar f\u00e1il.<\/p>\n<p><strong>R\u00e9itigh a lorg ar dh\u00fashl\u00e1in chomhroinnte<\/strong><\/p>\n<p>Is \u00e9 aidhm fhorioml\u00e1n an tionscadail Portalis eisp\u00e9iris \u00farscothach r\u00e9altachta fh\u00edor\u00fala (VR) le taca\u00edocht do chuairteoir\u00ed a chruth\u00fa ag dh\u00e1 phr\u00edomh-mh\u00fasaem i bPort L\u00e1irge agus sa Bhreatain Bheag, ag nascadh le heisp\u00e9iris ceann scr\u00edbe feadh an ch\u00f3sta, chomh maith le scann\u00e1na\u00edocht, cl\u00e1r nua. aip shoghluaiste, taispe\u00e1ntas 3D ar l\u00edne, agus go leor imeachta\u00ed agus tionscnamh spreag\u00fala eile a thac\u00f3idh le pobail agus gn\u00f3lachta\u00ed in \u00c9irinn agus sa Bhreatain Bheag.<\/p>\n<p>Tionscadal p\u00edol\u00f3tach trasdiscipl\u00edneach \u20ac1.95m treoraithe ag dearadh \u00e9 Portalis, arna thac\u00fa ag maoini\u00fa \u20ac1.5m \u00f3 Chiste Forbra\u00edochta R\u00e9igi\u00fana\u00ed na hEorpa tr\u00ed Chl\u00e1r Comhair na h\u00c9ireann agus na Breataine Bige, www.irelandwales.eu T\u00e1 an tionscadal \u00e1 sti\u00faradh ag Ollscoil Teicneola\u00edochta an Oir-Dheiscirt agus t\u00e1 taca\u00edocht aige \u00f3 Ollscoil na Breataine Bige, Col\u00e1iste na Tr\u00edon\u00f3ide, David, Comhairle Contae Ceredigion agus Comhlachas Tr\u00e1cht\u00e1la Phort L\u00e1irge.<\/p>\n<p>Le haghaidh tuilleadh eolais ar Portalis tabhair cuairt le do thoil: http:\/\/portalisproject.eu\/<\/p>\n<\/div>\n<\/div>\n<\/div>\n<\/div>\n","protected":false},"excerpt":{"rendered":"<p>Ceardlann L\u00edonra Cult\u00fartha Trasteorann Poibl\u00ed chun deiseanna turas\u00f3ireachta cult\u00fartha \u00e1iti\u00fala [&hellip;]<\/p>\n","protected":false},"author":5,"featured_media":8344,"comment_status":"open","ping_status":"closed","template":"","tags":[],"mec_category":[84,85,87,86],"class_list":["post-8374","mec-events","type-mec-events","status-publish","has-post-thumbnail","hentry","mec_category-imeacht-pobail","mec_category-seandalaiocht","mec_category-stair","mec_category-turasoireacht"],"yoast_head":"<!-- This site is optimized with the Yoast SEO plugin v27.5 - https:\/\/yoast.com\/product\/yoast-seo-wordpress\/ -->\n<title>Deiseanna turas\u00f3ireachta ar leithinis Cheann Du\u00e1in a fhiosr\u00fa - Portalis<\/title>\n<meta name=\"robots\" content=\"index, follow, max-snippet:-1, max-image-preview:large, max-video-preview:-1\" \/>\n<link rel=\"canonical\" href=\"https:\/\/portalisproject.eu\/ga\/events\/deiseanna-turasoireachta-ar-leithinis-cheann-duain-a-fhiosru\/\" \/>\n<meta property=\"og:locale\" content=\"ga_IE\" \/>\n<meta property=\"og:type\" content=\"article\" \/>\n<meta property=\"og:title\" content=\"Deiseanna turas\u00f3ireachta ar leithinis Cheann Du\u00e1in a fhiosr\u00fa - Portalis\" \/>\n<meta property=\"og:description\" content=\"Ceardlann L\u00edonra Cult\u00fartha Trasteorann Poibl\u00ed chun deiseanna turas\u00f3ireachta cult\u00fartha \u00e1iti\u00fala [&hellip;]\" \/>\n<meta property=\"og:url\" content=\"https:\/\/portalisproject.eu\/ga\/events\/deiseanna-turasoireachta-ar-leithinis-cheann-duain-a-fhiosru\/\" \/>\n<meta property=\"og:site_name\" content=\"Portalis\" \/>\n<meta property=\"article:modified_time\" content=\"2022-09-28T11:36:24+00:00\" \/>\n<meta property=\"og:image\" content=\"https:\/\/portalisproject.eu\/wp-content\/uploads\/2022\/09\/Screenshot-2022-09-19-at-14.54.21.png\" \/>\n\t<meta property=\"og:image:width\" content=\"2877\" \/>\n\t<meta property=\"og:image:height\" content=\"1352\" \/>\n\t<meta property=\"og:image:type\" content=\"image\/png\" \/>\n<meta name=\"twitter:card\" content=\"summary_large_image\" \/>\n<meta name=\"twitter:label1\" content=\"Est. reading time\" \/>\n\t<meta name=\"twitter:data1\" content=\"2 minutes\" \/>\n<script type=\"application\/ld+json\" class=\"yoast-schema-graph\">{\"@context\":\"https:\\\/\\\/schema.org\",\"@graph\":[{\"@type\":\"WebPage\",\"@id\":\"https:\\\/\\\/portalisproject.eu\\\/ga\\\/events\\\/deiseanna-turasoireachta-ar-leithinis-cheann-duain-a-fhiosru\\\/\",\"url\":\"https:\\\/\\\/portalisproject.eu\\\/ga\\\/events\\\/deiseanna-turasoireachta-ar-leithinis-cheann-duain-a-fhiosru\\\/\",\"name\":\"Deiseanna turas\u00f3ireachta ar leithinis Cheann Du\u00e1in a fhiosr\u00fa - Portalis\",\"isPartOf\":{\"@id\":\"https:\\\/\\\/portalisproject.eu\\\/ga\\\/#website\"},\"primaryImageOfPage\":{\"@id\":\"https:\\\/\\\/portalisproject.eu\\\/ga\\\/events\\\/deiseanna-turasoireachta-ar-leithinis-cheann-duain-a-fhiosru\\\/#primaryimage\"},\"image\":{\"@id\":\"https:\\\/\\\/portalisproject.eu\\\/ga\\\/events\\\/deiseanna-turasoireachta-ar-leithinis-cheann-duain-a-fhiosru\\\/#primaryimage\"},\"thumbnailUrl\":\"https:\\\/\\\/portalisproject.eu\\\/wp-content\\\/uploads\\\/2022\\\/09\\\/Screenshot-2022-09-19-at-14.54.21.png\",\"datePublished\":\"2022-09-19T16:31:12+00:00\",\"dateModified\":\"2022-09-28T11:36:24+00:00\",\"breadcrumb\":{\"@id\":\"https:\\\/\\\/portalisproject.eu\\\/ga\\\/events\\\/deiseanna-turasoireachta-ar-leithinis-cheann-duain-a-fhiosru\\\/#breadcrumb\"},\"inLanguage\":\"ga-IE\",\"potentialAction\":[{\"@type\":\"ReadAction\",\"target\":[\"https:\\\/\\\/portalisproject.eu\\\/ga\\\/events\\\/deiseanna-turasoireachta-ar-leithinis-cheann-duain-a-fhiosru\\\/\"]}]},{\"@type\":\"ImageObject\",\"inLanguage\":\"ga-IE\",\"@id\":\"https:\\\/\\\/portalisproject.eu\\\/ga\\\/events\\\/deiseanna-turasoireachta-ar-leithinis-cheann-duain-a-fhiosru\\\/#primaryimage\",\"url\":\"https:\\\/\\\/portalisproject.eu\\\/wp-content\\\/uploads\\\/2022\\\/09\\\/Screenshot-2022-09-19-at-14.54.21.png\",\"contentUrl\":\"https:\\\/\\\/portalisproject.eu\\\/wp-content\\\/uploads\\\/2022\\\/09\\\/Screenshot-2022-09-19-at-14.54.21.png\",\"width\":2877,\"height\":1352},{\"@type\":\"BreadcrumbList\",\"@id\":\"https:\\\/\\\/portalisproject.eu\\\/ga\\\/events\\\/deiseanna-turasoireachta-ar-leithinis-cheann-duain-a-fhiosru\\\/#breadcrumb\",\"itemListElement\":[{\"@type\":\"ListItem\",\"position\":1,\"name\":\"Home\",\"item\":\"https:\\\/\\\/portalisproject.eu\\\/ga\\\/\"},{\"@type\":\"ListItem\",\"position\":2,\"name\":\"Events\",\"item\":\"https:\\\/\\\/portalisproject.eu\\\/ga\\\/events\\\/\"},{\"@type\":\"ListItem\",\"position\":3,\"name\":\"Deiseanna turas\u00f3ireachta ar leithinis Cheann Du\u00e1in a fhiosr\u00fa\"}]},{\"@type\":\"WebSite\",\"@id\":\"https:\\\/\\\/portalisproject.eu\\\/ga\\\/#website\",\"url\":\"https:\\\/\\\/portalisproject.eu\\\/ga\\\/\",\"name\":\"Portalis\",\"description\":\"Discover the earliest connection between Ireland and Wales\",\"potentialAction\":[{\"@type\":\"SearchAction\",\"target\":{\"@type\":\"EntryPoint\",\"urlTemplate\":\"https:\\\/\\\/portalisproject.eu\\\/ga\\\/?s={search_term_string}\"},\"query-input\":{\"@type\":\"PropertyValueSpecification\",\"valueRequired\":true,\"valueName\":\"search_term_string\"}}],\"inLanguage\":\"ga-IE\"}]}<\/script>\n<!-- \/ Yoast SEO plugin. -->","yoast_head_json":{"title":"Deiseanna turas\u00f3ireachta ar leithinis Cheann Du\u00e1in a fhiosr\u00fa - Portalis","robots":{"index":"index","follow":"follow","max-snippet":"max-snippet:-1","max-image-preview":"max-image-preview:large","max-video-preview":"max-video-preview:-1"},"canonical":"https:\/\/portalisproject.eu\/ga\/events\/deiseanna-turasoireachta-ar-leithinis-cheann-duain-a-fhiosru\/","og_locale":"ga_IE","og_type":"article","og_title":"Deiseanna turas\u00f3ireachta ar leithinis Cheann Du\u00e1in a fhiosr\u00fa - Portalis","og_description":"Ceardlann L\u00edonra Cult\u00fartha Trasteorann Poibl\u00ed chun deiseanna turas\u00f3ireachta cult\u00fartha \u00e1iti\u00fala [&hellip;]","og_url":"https:\/\/portalisproject.eu\/ga\/events\/deiseanna-turasoireachta-ar-leithinis-cheann-duain-a-fhiosru\/","og_site_name":"Portalis","article_modified_time":"2022-09-28T11:36:24+00:00","og_image":[{"width":2877,"height":1352,"url":"https:\/\/portalisproject.eu\/wp-content\/uploads\/2022\/09\/Screenshot-2022-09-19-at-14.54.21.png","type":"image\/png"}],"twitter_card":"summary_large_image","twitter_misc":{"Est. reading time":"2 minutes"},"schema":{"@context":"https:\/\/schema.org","@graph":[{"@type":"WebPage","@id":"https:\/\/portalisproject.eu\/ga\/events\/deiseanna-turasoireachta-ar-leithinis-cheann-duain-a-fhiosru\/","url":"https:\/\/portalisproject.eu\/ga\/events\/deiseanna-turasoireachta-ar-leithinis-cheann-duain-a-fhiosru\/","name":"Deiseanna turas\u00f3ireachta ar leithinis Cheann Du\u00e1in a fhiosr\u00fa - Portalis","isPartOf":{"@id":"https:\/\/portalisproject.eu\/ga\/#website"},"primaryImageOfPage":{"@id":"https:\/\/portalisproject.eu\/ga\/events\/deiseanna-turasoireachta-ar-leithinis-cheann-duain-a-fhiosru\/#primaryimage"},"image":{"@id":"https:\/\/portalisproject.eu\/ga\/events\/deiseanna-turasoireachta-ar-leithinis-cheann-duain-a-fhiosru\/#primaryimage"},"thumbnailUrl":"https:\/\/portalisproject.eu\/wp-content\/uploads\/2022\/09\/Screenshot-2022-09-19-at-14.54.21.png","datePublished":"2022-09-19T16:31:12+00:00","dateModified":"2022-09-28T11:36:24+00:00","breadcrumb":{"@id":"https:\/\/portalisproject.eu\/ga\/events\/deiseanna-turasoireachta-ar-leithinis-cheann-duain-a-fhiosru\/#breadcrumb"},"inLanguage":"ga-IE","potentialAction":[{"@type":"ReadAction","target":["https:\/\/portalisproject.eu\/ga\/events\/deiseanna-turasoireachta-ar-leithinis-cheann-duain-a-fhiosru\/"]}]},{"@type":"ImageObject","inLanguage":"ga-IE","@id":"https:\/\/portalisproject.eu\/ga\/events\/deiseanna-turasoireachta-ar-leithinis-cheann-duain-a-fhiosru\/#primaryimage","url":"https:\/\/portalisproject.eu\/wp-content\/uploads\/2022\/09\/Screenshot-2022-09-19-at-14.54.21.png","contentUrl":"https:\/\/portalisproject.eu\/wp-content\/uploads\/2022\/09\/Screenshot-2022-09-19-at-14.54.21.png","width":2877,"height":1352},{"@type":"BreadcrumbList","@id":"https:\/\/portalisproject.eu\/ga\/events\/deiseanna-turasoireachta-ar-leithinis-cheann-duain-a-fhiosru\/#breadcrumb","itemListElement":[{"@type":"ListItem","position":1,"name":"Home","item":"https:\/\/portalisproject.eu\/ga\/"},{"@type":"ListItem","position":2,"name":"Events","item":"https:\/\/portalisproject.eu\/ga\/events\/"},{"@type":"ListItem","position":3,"name":"Deiseanna turas\u00f3ireachta ar leithinis Cheann Du\u00e1in a fhiosr\u00fa"}]},{"@type":"WebSite","@id":"https:\/\/portalisproject.eu\/ga\/#website","url":"https:\/\/portalisproject.eu\/ga\/","name":"Portalis","description":"Discover the earliest connection between Ireland and Wales","potentialAction":[{"@type":"SearchAction","target":{"@type":"EntryPoint","urlTemplate":"https:\/\/portalisproject.eu\/ga\/?s={search_term_string}"},"query-input":{"@type":"PropertyValueSpecification","valueRequired":true,"valueName":"search_term_string"}}],"inLanguage":"ga-IE"}]}},"_links":{"self":[{"href":"https:\/\/portalisproject.eu\/ga\/wp-json\/wp\/v2\/mec-events\/8374","targetHints":{"allow":["GET"]}}],"collection":[{"href":"https:\/\/portalisproject.eu\/ga\/wp-json\/wp\/v2\/mec-events"}],"about":[{"href":"https:\/\/portalisproject.eu\/ga\/wp-json\/wp\/v2\/types\/mec-events"}],"author":[{"embeddable":true,"href":"https:\/\/portalisproject.eu\/ga\/wp-json\/wp\/v2\/users\/5"}],"replies":[{"embeddable":true,"href":"https:\/\/portalisproject.eu\/ga\/wp-json\/wp\/v2\/comments?post=8374"}],"wp:featuredmedia":[{"embeddable":true,"href":"https:\/\/portalisproject.eu\/ga\/wp-json\/wp\/v2\/media\/8344"}],"wp:attachment":[{"href":"https:\/\/portalisproject.eu\/ga\/wp-json\/wp\/v2\/media?parent=8374"}],"wp:term":[{"taxonomy":"post_tag","embeddable":true,"href":"https:\/\/portalisproject.eu\/ga\/wp-json\/wp\/v2\/tags?post=8374"},{"taxonomy":"mec_category","embeddable":true,"href":"https:\/\/portalisproject.eu\/ga\/wp-json\/wp\/v2\/mec_category?post=8374"}],"curies":[{"name":"wp","href":"https:\/\/api.w.org\/{rel}","templated":true}]}}